{"id":304,"date":"2020-01-27T15:06:50","date_gmt":"2020-01-27T14:06:50","guid":{"rendered":"https:\/\/cursoswp.educacion.navarra.es\/cursowp2020\/?page_id=304"},"modified":"2020-04-04T18:48:54","modified_gmt":"2020-04-04T16:48:54","slug":"sobre-este-curso","status":"publish","type":"page","link":"https:\/\/cursoswp.educacion.navarra.es\/cursowp2020\/sobre-este-curso\/","title":{"rendered":"Sobre el Curso de WordPress 2020"},"content":{"rendered":"\n<p>Adem\u00e1s de contribuir a la formaci\u00f3n de los profesores y profesoras que elaboran sitios web para sus centros, el&nbsp;<em>Curso de WordPress 2020<\/em> pretende demostrar por s\u00ed mismo las posibilidades de esta aplicaci\u00f3n y sus componentes a la hora de confeccionar sitios online elegantes y al mismo tiempo \u00fatiles para los colegios e institutos. Por ello nos ha parecido conveniente elaborar esta p\u00e1gina, en la que describimos detalladamente los elementos constitutivos de este sitio. Esperamos que sirva de ejemplo y referencia para los alumnos y alumnas del curso, as\u00ed como,para los responsables de los sitios web de los centros educativos.<\/p>\n\n\n\n<!--more-->\n\n\n\n<h2 class=\"wp-block-heading\">Materiales formativos sobre WordPress y edici\u00f3n de sitios web<\/h2>\n\n\n\n<p>El&nbsp;<em>Curso de WordPress 2020<\/em>&nbsp;forma parte de una serie de materiales online publicados a lo largo de los \u00faltimos a\u00f1os, y que recogen el contenido de sendos cursos presenciales celebrados en el CAP de Pamplona, todos ellos impartidos por el profesor Eduardo Larequi Garc\u00eda:<\/p>\n\n\n\n<ul><li><a rel=\"noreferrer noopener\" href=\"https:\/\/cursoswp.educacion.navarra.es\/cursowp2012\/\" target=\"_blank\" class=\"ek-link\">Curso de WordPress 2012<\/a>.<\/li><li><a rel=\"noreferrer noopener\" href=\"https:\/\/cursoswp.educacion.navarra.es\/cursowp2016\/\" target=\"_blank\" class=\"ek-link\">Curso de WordPress 2016<\/a>.<\/li><li><a rel=\"noreferrer noopener\" href=\"https:\/\/cursoswp.educacion.navarra.es\/cursowp2017\/\" target=\"_blank\" class=\"ek-link\">Curso de WordPress 2017<\/a>.&nbsp;<\/li><li><a rel=\"noreferrer noopener\" href=\"https:\/\/cursoswp.educacion.navarra.es\/cursowp2018\/\" target=\"_blank\" class=\"ek-link\">Curso de WordPress 2018<\/a>.<\/li><li><a href=\"https:\/\/cursoswp.educacion.navarra.es\/cursowp2019\/\" target=\"_blank\" aria-label=\" (opens in a new tab)\" rel=\"noreferrer noopener\" class=\"ek-link\">Curso de WordPress 2019<\/a>.<\/li><\/ul>\n\n\n\n<h2 class=\"wp-block-heading\">Sitio web instruccional y sitios de pr\u00e1cticas<\/h2>\n\n\n\n<p>A pesar de la dimensi\u00f3n pr\u00e1ctica del curso, este es un sitio de car\u00e1cter esencialmente instruccional. De aqu\u00ed que los materiales publicados en \u00e9l solo sean plenamente aprovechables en combinaci\u00f3n con los sitios de pr\u00e1ctica creados para sus alumnos y alumnas (los detalles de  funcionamiento de estos sitios est\u00e1n explicados en la p\u00e1gina&nbsp;de <a href=\"https:\/\/cursoswp.educacion.navarra.es\/cursowp2020\/instrucciones-del-curso\/\" class=\"ek-link\">Instrucciones<\/a>) y con las demostraciones realizadas por el profesor durante las sesiones presenciales.<\/p>\n\n\n\n<h2 class=\"wp-block-heading\">Estructura del sitio<\/h2>\n\n\n\n<p>La estructura de este sitio web se organiza y dispone de la siguiente manera:<\/p>\n\n\n\n<ul><li>La p\u00e1gina de inicio del sitio es una <a aria-label=\"p\u00e1gina fija o est\u00e1tica (opens in a new tab)\" rel=\"noreferrer noopener\" href=\"https:\/\/www.webempresa.com\/blog\/pagina-inicio-wordpress-pagina-entradas.html\" target=\"_blank\" class=\"ek-link\">p\u00e1gina fija o est\u00e1tica<\/a>, que detalla el plan del curso y ofrece una presentaci\u00f3n de sus contenidos, metodolog\u00eda y organizaci\u00f3n.<\/li><li>El contenido del curso comprende m\u00e1s de treinta art\u00edculos, organizados en seis&nbsp;<a rel=\"noreferrer noopener\" href=\"https:\/\/raiolanetworks.es\/blog\/categorias-wordpress\/\" target=\"_blank\" class=\"ek-link\">categor\u00edas<\/a>. Cinco de ellas corresponden a las cinco sesiones presenciales del curso; la sexta sesi\u00f3n contiene los art\u00edculos dedicados a exponer y.evaluar las actividades que deben realizar los alumnos y alumnas.<\/li><li>El sitio web consta tambi\u00e9n de un par de <a rel=\"noreferrer noopener\" href=\"https:\/\/www.arsys.es\/blog\/programacion\/paginas-estaticas-wordpress\/\" target=\"_blank\" class=\"ek-link\">p\u00e1ginas fijas<\/a>, que contienen las instrucciones que hay que seguir para acceder a los sitios de pr\u00e1ctica, y la meta informaci\u00f3n sobre el sitio web (esta misma p\u00e1gina).<\/li><\/ul>\n\n\n\n<h3 class=\"wp-block-heading\">Elementos estructurales<\/h3>\n\n\n\n<p>La disposici\u00f3n del sitio web pretende garantizar una estructura coherente, con una navegaci\u00f3n consistente y eficaz. Estos son sus principales elementos constitutivos:<\/p>\n\n\n\n<ul><li><a aria-label=\"Men\u00fa de navegaci\u00f3n (opens in a new tab)\" rel=\"noreferrer noopener\" href=\"https:\/\/www.webempresa.com\/blog\/guia-definitiva-del-menu-wordpress.html\" target=\"_blank\" class=\"ek-link\">Men\u00fa de navegaci\u00f3n<\/a>, situado en la parte superior de la cabecera, visible en todas las p\u00e1ginas del sitio. Este elemento proporciona coherencia y garantiza una navegaci\u00f3n fluida por sus contenidos. Se ha intentado que el men\u00fa sea lo m\u00e1s corto posible, para que su presentaci\u00f3n sea adecuada en todo tipo de dispositivos.<\/li><li>Pie de p\u00e1gina visible en todo el sitio web. Aunque no estrictamente necesario, es un elemento estructural que permite mostrar ciertas informaciones de importancia, como por ejemplo los datos de contacto, la procedencia de las im\u00e1genes, la licencia de distribuci\u00f3n de los contenidos del curso o los enlaces a otros cursos previos sobre WordPress.<\/li><li>P\u00e1ginas de categor\u00edas sin barra lateral. La asignaci\u00f3n a las p\u00e1ginas de categor\u00edas de una disposici\u00f3n sin barra lateral permite obtener un dise\u00f1o de cuadr\u00edcula o rejilla de entradas muy din\u00e1mico y elegante.<\/li><li>Entradas y p\u00e1ginas individuales con una <a aria-label=\"barra lateral a la derecha (opens in a new tab)\" rel=\"noreferrer noopener\" href=\"https:\/\/sensacionweb.com\/la-barra-lateral-de-wordpress\/\" target=\"_blank\" class=\"ek-link\">barra lateral a la derecha<\/a>, lo cual permite, a su vez, incluir varios widgets  que mejoran la navegaci\u00f3n y refuerzan la coherencia del sitio.<\/li><li>Para los&nbsp;<a rel=\"noreferrer noopener\" href=\"https:\/\/www.webempresa.com\/blog\/enlaces-permanentes-en-wordpress-como-configurarlos.html\" target=\"_blank\" class=\"ek-link\">enlaces permanentes<\/a>&nbsp;de las entradas hemos seleccionado la opci\u00f3n basada en el nombre del art\u00edculo, lo cual genera URLs m\u00e1s cortas y significativas. Esta estructura, adem\u00e1s, es coherente con el contenido y prop\u00f3sito instruccional de este sitio, que carece del contenido noticioso t\u00edpico de los blogs.<\/li><\/ul>\n\n\n\n<h2 class=\"wp-block-heading\">Elaboraci\u00f3n del contenido<\/h2>\n\n\n\n<p>Este sitio web ha sido elaborado desde un principio con la intenci\u00f3n de demostrar las posibilidades de composici\u00f3n y dise\u00f1o de los plugins <a aria-label=\"Elementor (opens in a new tab)\" rel=\"noreferrer noopener\" href=\"https:\/\/wordpress.org\/plugins\/elementor\/\" target=\"_blank\" class=\"ek-link\">Elementor<\/a> y <a aria-label=\"Elementor Pro (opens in a new tab)\" rel=\"noreferrer noopener\" href=\"https:\/\/elementor.com\" target=\"_blank\" class=\"ek-link\">Elementor Pro<\/a>, No obstante, dado que este es el primer sitio web \u201creal\u201d que realizamos en su totalidad con ambos plugins, hemos adoptado un enfoque prudente, presidido por los siguientes principios:<\/p>\n\n\n\n<ol><li>Dise\u00f1ar con Elementor solo los elementos estructurales del sitio (cabecera, pie de p\u00e1gina, plantillas de entradas, de p\u00e1ginas y de p\u00e1ginas de archivo), as\u00ed como aquellas p\u00e1ginas que deben tener una entidad destacada, tanto a nivel de funcionalidad como de apariencia. En nuestro caso, las \u00fanicas p\u00e1ginas con dise\u00f1os singulares son las de <a href=\"https:\/\/cursoswp.educacion.navarra.es\/cursowp2020\/\" class=\"ek-link\">Inicio<\/a> y <a href=\"https:\/\/cursoswp.educacion.navarra.es\/cursowp2020\/contacto\/\" class=\"ek-link\">Contacto<\/a>, que resultan claramente distinguibles del resto del sitio.<\/li><li>Utilizar el editor est\u00e1ndar de WordPress, y los bloques propios de dicho editor, para crear la mayor parte del contenido del sitio. De hecho, casi todos los art\u00edculos se han editado exclusivamente con dicho editor.<\/li><li>Aprovechar y maximizar el esfuerzo invertido en labores de dise\u00f1o y maquetaci\u00f3n, para lo cual hemos hecho un uso intensivo de las plantillas de Elementor y Elementor Pro. M\u00e1s adelante detallaremos este punto.<\/li><li>Asegurar la coherencia est\u00e9tica y funcional de todas las p\u00e1ginas del sitio. Para lograr este objetivo, el dise\u00f1o de este sitio se ha basado en <a rel=\"noreferrer noopener\" href=\"https:\/\/elementor.com\/blog\/law-firm-template-kit\/\" target=\"_blank\">Law Firm<\/a>, uno de los <em>template kits<\/em> o conjuntos de plantillas de la <a aria-label=\"biblioteca de plantillas de Elementor (opens in a new tab)\" rel=\"noreferrer noopener\" href=\"https:\/\/library.elementor.com\" target=\"_blank\" class=\"ek-link\">biblioteca de plantillas de Elementor<\/a>.<\/li><\/ol>\n\n\n\n<h2 class=\"wp-block-heading\">Plantillas de Elementor<\/h2>\n\n\n\n<p>Hemos intentado utilizar la mayor parte de las posibilidades que brinda el sistema de plantillas de Elementor y Elementor Pro. tal como detallamos a continuaci\u00f3n.<\/p>\n\n\n\n<h3 class=\"wp-block-heading\">Plantillas de la biblioteca de plantillas<\/h3>\n\n\n\n<p>A fin de agilizar el dise\u00f1o global y contar desde el principio con unos fundamentos s\u00f3lidos y de calidad, hemos construido todo el sitio a partir del conjunto de plantillas <a rel=\"noreferrer noopener\" href=\"https:\/\/elementor.com\/blog\/law-firm-template-kit\/\" target=\"_blank\">Law Firm<\/a> que, como ya hemos indicado, es uno de los <a aria-label=\"template kits (opens in a new tab)\" rel=\"noreferrer noopener\" href=\"https:\/\/elementor.com\/blog\/monthly-template-kits\/\" target=\"_blank\" class=\"ek-link\">template kits<\/a> de Elementor Pro.<\/p>\n\n\n\n<h3 class=\"wp-block-heading\">Plantillas del constructor de temas<\/h3>\n\n\n\n<p>Gracias a las funcionalidades del <a aria-label=\"theme builder (opens in a new tab)\" rel=\"noreferrer noopener\" href=\"https:\/\/elementor.com\/blog\/introducing-theme-builder\/\" target=\"_blank\" class=\"ek-link\">theme builder<\/a>, o constructor de temas de Elementor Pro, hemos elaborado un amplio conjunto de plantillas, organizado de la siguiente manera:<\/p>\n\n\n\n<ul><li>Una <a aria-label=\"plantilla de cabecera (opens in a new tab)\" rel=\"noreferrer noopener\" class=\"ek-link\" href=\"https:\/\/docs.elementor.com\/article\/335-create-headers-using-elementors-theme-builder\" target=\"_blank\">plantilla de cabecera<\/a>, que hemos aplicado a todo el sitio.<\/li><li>Una <a aria-label=\"plantilla de pie de p\u00e1gina (opens in a new tab)\" rel=\"noreferrer noopener\" class=\"ek-link\" href=\"https:\/\/docs.elementor.com\/article\/337-create-footers-using-elementors-theme-builder\" target=\"_blank\">plantilla de pie de p\u00e1gina<\/a>, que tambi\u00e9n hemos aplicado a todo el sitio.<\/li><li>Una <a aria-label=\"plantilla de entrada (opens in a new tab)\" rel=\"noreferrer noopener\" class=\"ek-link\" href=\"https:\/\/docs.elementor.com\/article\/354-creating-a-single-post-template\" target=\"_blank\">plantilla de entrada<\/a>, que hemos aplicado a las 36 entradas del sitio.<\/li><li>Tres <a aria-label=\"plantillas de p\u00e1gina (opens in a new tab)\" rel=\"noreferrer noopener\" class=\"ek-link\" href=\"https:\/\/docs.elementor.com\/article\/359-creating-a-single-page-template-with-elementor-pro\" target=\"_blank\">plantillas de p\u00e1gina<\/a>, a saber:<ul><li>Una plantilla general, aplicada a esta p\u00e1gina y a la de <a class=\"ek-link\" href=\"https:\/\/cursoswp.educacion.navarra.es\/cursowp2020\/instrucciones-del-curso\/\">Instrucciones del curso<\/a>.<\/li><li>Una plantilla para la p\u00e1gina de <a class=\"ek-link\" href=\"https:\/\/cursoswp.educacion.navarra.es\/cursowp2020\/contacto\/\">Contacto<\/a>.<\/li><li>Una <a aria-label=\"plantilla de p\u00e1gina de error 404 (opens in a new tab)\" rel=\"noreferrer noopener\" class=\"ek-link\" href=\"https:\/\/docs.elementor.com\/article\/338-create-a-custom-404-page-using-elementors-theme-builder\" target=\"_blank\">plantilla de p\u00e1gina de error 404<\/a>, que solo se carga cuando se accede a una direcci\u00f3n inexistente (or ejemplo, <a class=\"ek-link ek-link\" href=\"https:\/\/cursoswp.educacion.navarra.es\/cursowp2020\/aaaaa\">esta<\/a>).<\/li><\/ul><\/li><li>Nueve <a aria-label=\"plantillas de p\u00e1ginas de archivo (opens in a new tab)\" rel=\"noreferrer noopener\" class=\"ek-link\" href=\"https:\/\/docs.elementor.com\/article\/339-creating-an-archive-template-with-elementor-pro\" target=\"_blank\">plantillas de p\u00e1ginas de archivo<\/a>, que se organizan de la siguiente manera:<ul><li>Seis p\u00e1ginas de archivo de categor\u00edas, correspondientes a las seis categor\u00edas de entradas: <a class=\"ek-link\" href=\"https:\/\/cursoswp.educacion.navarra.es\/cursowp2020\/categoria\/sesion-1\/\">Sesi\u00f3n 1<\/a>, <a class=\"ek-link\" href=\"https:\/\/cursoswp.educacion.navarra.es\/cursowp2020\/categoria\/sesion-2\/\">Sesi\u00f3n 2<\/a>, <a class=\"ek-link\" href=\"https:\/\/cursoswp.educacion.navarra.es\/cursowp2020\/categoria\/sesion-3\/\">Sesi\u00f3n 3<\/a>, <a class=\"ek-link\" href=\"https:\/\/cursoswp.educacion.navarra.es\/cursowp2020\/categoria\/sesion-4\/\">Sesi\u00f3n 4<\/a>, <a class=\"ek-link\" href=\"https:\/\/cursoswp.educacion.navarra.es\/cursowp2020\/categoria\/sesion-5\/\">Sesi\u00f3n 5<\/a> y <a class=\"ek-link\" href=\"https:\/\/cursoswp.educacion.navarra.es\/cursowp2020\/categoria\/actividades-y-evaluacion\/\">Actividades y evaluaci\u00f3n<\/a>. Todas estas plantillas son id\u00e9nticas, salvo por la imagen de cabecera, que es distinta en cada plantilla de archivo de categor\u00eda.<\/li><li>Una plantilla de p\u00e1gina de archivo de etiquetas, que se carga cuando se accede a cualquiera de las etiquetas del sitio (v\u00e9ase, por ejemplo, la correspondiente a <a class=\"ek-link\" href=\"https:\/\/cursoswp.educacion.navarra.es\/cursowp2020\/etiqueta\/elementor\/\">Elementor<\/a>).<\/li><li>Una plantilla de p\u00e1gina de archivo de fechas, que se carga cuando se accede a la URL de las entradas publicadas en un a\u00f1o, un mes o un d\u00eda (v\u00e9anse los ejemplos de <a class=\"ek-link\" href=\"https:\/\/cursoswp.educacion.navarra.es\/cursowp2020\/2020\/\">2020<\/a>, <a class=\"ek-link\" href=\"https:\/\/cursoswp.educacion.navarra.es\/cursowp2020\/2020\/03\/\">marzo de 2020<\/a> y <a class=\"ek-link\" href=\"https:\/\/cursoswp.educacion.navarra.es\/cursowp2020\/2020\/03\/21\/\">21 de marzo de 2020<\/a>).<\/li><li>Una <a aria-label=\"plantilla de resultados de b\u00fasqueda (opens in a new tab)\" rel=\"noreferrer noopener\" class=\"ek-link\" href=\"https:\/\/docs.elementor.com\/article\/357-customize-the-search-results-archive\" target=\"_blank\">plantilla de resultados de b\u00fasqueda<\/a>, que solo se carga cuando se presentan los resultados de una b\u00fasqueda en el sitio web. V\u00e9ase, por ejemplo, el resultado de la b\u00fasqueda de la palabra <a class=\"ek-link\" href=\"https:\/\/cursoswp.educacion.navarra.es\/cursowp2020\/?s=Plugins\">plugins<\/a>.<\/li><\/ul><\/li><\/ul>\n\n\n\n<div style=\"height:20px\" aria-hidden=\"true\" class=\"wp-block-spacer\"><\/div>\n\n\n\n<p>Las plantillas de p\u00e1ginas de archivo de etiquetas, de fechas y de resultados de b\u00fasqueda incluyen paginaci\u00f3n de resultados, mecanismo que no est\u00e1 incluido en las plantillas de p\u00e1ginas de archivo de categor\u00edas; ya que estas \u00faltimas solo contienen un n\u00famero reducido de entradas (seis en todas y cada una de ellas).<\/p>\n\n\n\n<h3 class=\"wp-block-heading\">Otras plantillas<\/h3>\n\n\n\n<p>Adem\u00e1s de las ya citadas, hemos creado y utilizado dos plantillas de secciones, dos plantillas de ventanas emergentes y una plantilla de p\u00e1gina.<\/p>\n\n\n\n<h4 class=\"wp-block-heading\">Plantillas de secci\u00f3n<\/h4>\n\n\n\n<p>Las dos <a aria-label=\"plantillas de secciones (opens in a new tab)\" class=\"ek-link ek-link\" rel=\"noreferrer noopener\" href=\"https:\/\/docs.elementor.com\/article\/60-library\" target=\"_blank\">plantillas de secci\u00f3n<\/a> que hemos elaborado responden a los siguientes prop\u00f3sitos y funciones:<\/p>\n\n\n\n<ul><li><strong>Bot\u00f3n para abrir una ventana emergente<\/strong>. Hemos incluido esta plantilla en la entrada <a href=\"https:\/\/cursoswp.educacion.navarra.es\/cursowp2020\/pagina-en-blanco-cuadricula-y-caja\/\" class=\"ek-link\">P\u00e1gina en blanco, cuadr\u00edcula y cajas<\/a>. El bot\u00f3n azul con el texto \u201cEjemplo de cuadr\u00edcula\u201d es una plantilla de secci\u00f3n que abre una ventana emergente..<\/li><li><strong>Sesiones del curso<\/strong>. Esta plantilla ha sido incrustada en la <a href=\"https:\/\/cursoswp.educacion.navarra.es\/cursowp2020\/\" class=\"ek-link\">p\u00e1gina de inicio<\/a>, y muestra el contenido de las cinco sesiones del curso. Para crear las cinco cajas hemos utilizado dos secciones; la superior tiene tres columnas y la inferior dos. Cada columna muestra una imagen de fondo diferente, y contiene dos widgets de titulares, un widget de texto y un widget de bot\u00f3n.<\/li><\/ul>\n\n\n\n<h4 class=\"wp-block-heading\">Plantillas de ventanas emergentes<\/h4>\n\n\n\n<p>Las dos <a href=\"https:\/\/docs.elementor.com\/article\/472-popups\" target=\"_blank\" aria-label=\" (opens in a new tab)\" rel=\"noreferrer noopener\" class=\"ek-link\">plantillas de ventanas emergentes o <em>popups<\/em><\/a> cumplen las siguientes funciones:<\/p>\n\n\n\n<ul><li><strong>Cuadr\u00edcula emergente<\/strong>: corresponde al <em>popup<\/em> que se abre al pulsar el bot\u00f3n azul con el texto \u201dEjemplo de cuadr\u00edcula\u201d, a su vez incluido en la entrada <a href=\"https:\/\/cursoswp.educacion.navarra.es\/cursowp2020\/pagina-en-blanco-cuadricula-y-caja\/\">P\u00e1gina en blanco, cuadr\u00edcula y cajas<\/a>.<\/li><li><strong>Ventana emergente tras contacto<\/strong>: corresponde al <em>popup<\/em> que se abre tras el env\u00edo del formulario de la p\u00e1gina <a href=\"https:\/\/cursoswp.educacion.navarra.es\/cursowp2020\/contacto\/\" class=\"ek-link\">Contacto<\/a>.<\/li><\/ul>\n\n\n\n<h4 class=\"wp-block-heading\">Plantilla de p\u00e1gina<\/h4>\n\n\n\n<p>La \u00fanica <a aria-label=\"plantilla de p\u00e1gina (opens in a new tab)\" rel=\"noreferrer noopener\" href=\"https:\/\/docs.elementor.com\/article\/60-library\" target=\"_blank\" class=\"ek-link\">plantilla de p\u00e1gina<\/a> que hemos creado no es visible en el estado actual de este sitio web, ya que su funci\u00f3n es presentar una pantalla con informaci\u00f3n sobre la futura publicaci\u00f3n del sitio. La p\u00e1gina utiliza la funci\u00f3n denominada <a aria-label=\" (opens in a new tab)\" rel=\"noreferrer noopener\" href=\"https:\/\/elementor.com\/blog\/v140-maintenance-mode\/\" target=\"_blank\" class=\"ek-link\">modo de mantenimiento<\/a>, propia del plugin Elementor. En la siguiente captura de pantalla puede comprobarse su aspecto.<\/p>\n\n\n\n<div class=\"wp-block-image caption-align-center\"><figure class=\"aligncenter size-large\"><a href=\"https:\/\/cursoswp.educacion.navarra.es\/cursowp2020\/wp-content\/uploads\/2020\/04\/pantalla-en-breve.png\"><img fetchpriority=\"high\" decoding=\"async\" width=\"1024\" height=\"644\" src=\"https:\/\/cursoswp.educacion.navarra.es\/cursowp2020\/wp-content\/uploads\/2020\/04\/pantalla-en-breve-1024x644.png\" alt=\"Pantalla del modo de mantenimiento\" class=\"wp-image-2797\" srcset=\"https:\/\/cursoswp.educacion.navarra.es\/cursowp2020\/wp-content\/uploads\/2020\/04\/pantalla-en-breve-1024x644.png 1024w, https:\/\/cursoswp.educacion.navarra.es\/cursowp2020\/wp-content\/uploads\/2020\/04\/pantalla-en-breve-300x189.png 300w, https:\/\/cursoswp.educacion.navarra.es\/cursowp2020\/wp-content\/uploads\/2020\/04\/pantalla-en-breve-768x483.png 768w, https:\/\/cursoswp.educacion.navarra.es\/cursowp2020\/wp-content\/uploads\/2020\/04\/pantalla-en-breve.png 1200w\" sizes=\"(max-width: 1024px) 100vw, 1024px\" \/><\/a><figcaption>Pantalla del modo de mantenimiento<\/figcaption><\/figure><\/div>\n\n\n\n<h2 class=\"wp-block-heading\">Otros componentes de Elementor<\/h2>\n\n\n\n<p>Adem\u00e1s de utilizar de forma sistem\u00e1tica el mecanismo de las plantillas, que ya hemos detallado en el ep\u00edgrafe anterior, este sitio web hace uso de una amplia variedad de las funcionalidades y los widgets de Elementor y Elementor Pro.<\/p>\n\n\n\n<h3 class=\"wp-block-heading\">Funcionalidades de Elementor y Elementor Pro<\/h3>\n\n\n\n<p>De entre las much\u00edsimas funcionalidades que incorporan ambos plugins, hemos hecho uso de las que describimos a continuaci\u00f3n.<\/p>\n\n\n\n<ul><li><a aria-label=\" (opens in a new tab)\" rel=\"noreferrer noopener\" href=\"https:\/\/docs.elementor.com\/article\/328-settings\" target=\"_blank\" class=\"ek-link\">Desactivaci\u00f3n de los colores y las fuentes por defecto del tema<\/a>. Hemos aprovechado esta funcionalidad para poder gestionar sin problemas lo que Elementor denomina <a aria-label=\"estilos globales (opens in a new tab)\" rel=\"noreferrer noopener\" href=\"https:\/\/elementor.com\/blog\/introducing-theme-style\/\" target=\"_blank\" class=\"ek-link\">estilos del tema<\/a>, una funci\u00f3n muy \u00fatil que permite definir <a aria-label=\"estilos globales (opens in a new tab)\" rel=\"noreferrer noopener\" href=\"https:\/\/docs.elementor.com\/article\/618-theme-style-global-settings\" target=\"_blank\" class=\"ek-link\">estilos globales<\/a> para el sitio, lo cual garantiza su coherencia est\u00e9tica.<\/li><li>P\u00e1gina \u201cEn breve\u201d, creada con la funci\u00f3n de <a rel=\"noreferrer noopener\" href=\"https:\/\/elementor.com\/blog\/v140-maintenance-mode\/\" target=\"_blank\" class=\"ek-link\">modo de mantenimiento<\/a>, que acabamos de explicar en el ep\u00edgrafe sobre plantillas.<\/li><li><a aria-label=\" (opens in a new tab)\" rel=\"noreferrer noopener\" href=\"https:\/\/docs.elementor.com\/article\/60-library\" target=\"_blank\" class=\"ek-link\">Exportaci\u00f3n e importaci\u00f3n de plantillas<\/a>. Hemos utilizado esta funcionalidad para crear sucesivos duplicados de la primera plantilla de p\u00e1gina de archivo de categor\u00edas que creamos, la cual fue aplicada en primera instancia a todas las p\u00e1ginas de categor\u00edas. Posteriormente, modificamos las plantillas duplicadas, con el fin de crear seis plantillas diferentes de p\u00e1gina de archivo de categor\u00edas, correspondientes a las seis categor\u00edas de entradas de este sitio web.<\/li><li>Restricci\u00f3n de uso del editor de Elementor para los usuarios editores del <a aria-label=\"sitio com\u00fan creado para realizar pr\u00e1cticas con Elementor Pro (opens in a new tab)\" rel=\"noreferrer noopener\" href=\"https:\/\/cursoswp.educacion.navarra.es\/cursowp2020\/practicas-con-elementor-pro\/\" target=\"_blank\" class=\"ek-link\">sitio com\u00fan de pr\u00e1cticas con Elementor Pro<\/a>. Con el fin de garantizar que Elementor y Elementor Pro sean utilizados en este sitio com\u00fan de acuerdo con los fines previstos, hemos aplicado algunas de las restricciones proporcionadas por la funci\u00f3n de <a aria-label=\"gesti\u00f3n de roles (opens in a new tab)\" rel=\"noreferrer noopener\" href=\"https:\/\/docs.elementor.com\/article\/329-role-manager\" target=\"_blank\" class=\"ek-link\">gesti\u00f3n de roles<\/a> de Elementor y Elementor Pro.<\/li><\/ul>\n\n\n\n<h3 class=\"wp-block-heading\">Componentes y widgets de Elementor y Elementor Pro<\/h3>\n\n\n\n<p>Es casi imposible agotar todo el enorme cat\u00e1logo de componentes y widgets que proporcionan Elementor y Elementor Pro, pero nos hemos esforzado en Utilizar un buen n\u00famero de ellos, que detallamos a continuaci\u00f3n.<\/p>\n\n\n\n<ol><li><a aria-label=\"Secciones (opens in a new tab)\" rel=\"noreferrer noopener\" href=\"https:\/\/docs.elementor.com\/article\/365-section-overview\" target=\"_blank\" class=\"ek-link\">Secciones<\/a>, <a aria-label=\"columnas (opens in a new tab)\" rel=\"noreferrer noopener\" href=\"https:\/\/docs.elementor.com\/article\/368-column-overview\" target=\"_blank\" class=\"ek-link\">columnas<\/a> y <a aria-label=\"widgets de secciones interiores (opens in a new tab)\" rel=\"noreferrer noopener\" href=\"https:\/\/docs.elementor.com\/article\/76-columns\" target=\"_blank\" class=\"ek-link\">widgets de secciones interiores<\/a>. Estos elementos forman la <a aria-label=\"estructura b\u00e1sica (opens in a new tab)\" rel=\"noreferrer noopener\" href=\"https:\/\/docs.elementor.com\/article\/319-page-layout\" target=\"_blank\" class=\"ek-link\">estructura b\u00e1sica<\/a> de las diversas plantillas y p\u00e1ginas del sitio.<\/li><li><a aria-label=\"Titulares (opens in a new tab)\" rel=\"noreferrer noopener\" href=\"https:\/\/docs.elementor.com\/article\/46-heading\" target=\"_blank\" class=\"ek-link\">Titulares<\/a> y <a aria-label=\"bloques de texto editable (opens in a new tab)\" rel=\"noreferrer noopener\" href=\"https:\/\/docs.elementor.com\/article\/73-text-editor\" target=\"_blank\" class=\"ek-link\">bloques de texto editable<\/a>. Estos widgets han sido utilizados en casi todas las p\u00e1ginas y plantillas elaboradas con Elementor.<\/li><li><a aria-label=\"Men\u00fas de navegaci\u00f3n (opens in a new tab)\" rel=\"noreferrer noopener\" href=\"https:\/\/docs.elementor.com\/article\/244-nav-menu\" target=\"_blank\" class=\"ek-link\">Men\u00fas de navegaci\u00f3n<\/a>. Hemos utilizado un widget de men\u00fa horizontal en la cabecera del sitio. A izquierda y derecha del men\u00fa hemos a\u00f1adido, respectivamente, un <a aria-label=\"widget de logotipo del sitio (opens in a new tab)\" rel=\"noreferrer noopener\" href=\"https:\/\/docs.elementor.com\/article\/453-site-logo-widget\" target=\"_blank\" class=\"ek-link\">widget de logotipo del sitio<\/a> y un <a aria-label=\"widget de formulario de b\u00fasqueda (opens in a new tab)\" rel=\"noreferrer noopener\" href=\"https:\/\/docs.elementor.com\/article\/268-search-form\" target=\"_blank\" class=\"ek-link\">widget de formulario de b\u00fasqueda<\/a>.<\/li><li><a aria-label=\"Anclas de men\u00fa (opens in a new tab)\" rel=\"noreferrer noopener\" href=\"https:\/\/docs.elementor.com\/article\/62-menu-anchor\" target=\"_blank\" class=\"ek-link\">Anclas de men\u00fa<\/a>. Gracias a estos widgets hemos creado las anclas a las que est\u00e1n enlazados los <a aria-label=\"iconos de la lista de iconos (opens in a new tab)\" rel=\"noreferrer noopener\" href=\"https:\/\/docs.elementor.com\/article\/50-icon-list\" target=\"_blank\" class=\"ek-link\">iconos de la lista de iconos<\/a> que se muestra en el margen izquierdo de la p\u00e1gina de inicio. Este bloque de iconos funciona a modo de men\u00fa vertical que permite desplazarse por entre las secciones de dicha p\u00e1gina.<\/li><li><a aria-label=\"Widgets de contenido din\u00e1mico (opens in a new tab)\" rel=\"noreferrer noopener\" href=\"https:\/\/docs.elementor.com\/article\/310-dynamic-content\" target=\"_blank\" class=\"ek-link\">Widgets de contenido din\u00e1mico<\/a>. Con los distintos widgets que sirven para incluir contenido din\u00e1mico hemos creado la mayor\u00eda de plantillas de este sitio. V\u00e9anse m\u00e1s detalles sobre su uso en los art\u00edculos <a href=\"https:\/\/cursoswp.educacion.navarra.es\/cursowp2020\/las-plantillas-de-elementor-y-elementor-pro\/\" class=\"ek-link\">Las plantillas de Elementor y Elementor Pro<\/a>, <a href=\"https:\/\/cursoswp.educacion.navarra.es\/cursowp2020\/el-constructor-de-temas-de-elementor-pro\/\" class=\"ek-link\">El constructor de temas de Elementor Pro<\/a>, y en el ep\u00edgrafe \u201cPlantillas del constructor de temas\u201d de esta misma p\u00e1gina.<\/li><li><a aria-label=\"Tabla de contenido (opens in a new tab)\" rel=\"noreferrer noopener\" href=\"https:\/\/docs.elementor.com\/article\/615-table-of-content-pro\" target=\"_blank\" class=\"ek-link\">Tabla de contenido<\/a>. Todas las entradas y varias p\u00e1ginas de este sitio incluyen este widget en la parte superior de la barra lateral derecha, bajo el r\u00f3tulo \u201cContenido de este art\u00edculo\u201d.<\/li><li><a aria-label=\"Bot\u00f3n (opens in a new tab)\" rel=\"noreferrer noopener\" href=\"https:\/\/docs.elementor.com\/article\/59-button\" target=\"_blank\" class=\"ek-link\">Bot\u00f3n<\/a>. Los widgets de botones han sido utilizados en diferentes p\u00e1ginas: la de inicio, la de <a href=\"https:\/\/cursoswp.educacion.navarra.es\/cursowp2020\/contacto\/\">Conracto<\/a>, etc.<\/li><li><a href=\"https:\/\/docs.elementor.com\/article\/182-flip-box\" class=\"ek-link\">Cajas volteadas o <em>flip boxes<\/em><\/a>. Se han utilizado un total de siete instancias de este widget, con dos estilos diferentes, en la p\u00e1gina de inicio.<\/li><li><a aria-label=\"Mapas de Google (opens in a new tab)\" rel=\"noreferrer noopener\" href=\"https:\/\/docs.elementor.com\/article\/49-google-maps\" target=\"_blank\" class=\"ek-link\">Mapas de Google<\/a>. Este widget tambi\u00e9n aparece en la p\u00e1gina de inicio.<\/li><li><a aria-label=\" (opens in a new tab)\" rel=\"noreferrer noopener\" href=\"https:\/\/docs.elementor.com\/article\/206-share-buttons\" target=\"_blank\" class=\"ek-link\">Botones para compartir en redes sociales<\/a>. La bater\u00eda de iconos para compartir los art\u00edculos, que aparece al final del contenido de estos, ha sido elaborada con este widget.<\/li><li><a aria-label=\"Listas de iconos (opens in a new tab)\" rel=\"noreferrer noopener\" href=\"https:\/\/docs.elementor.com\/article\/50-icon-list\" target=\"_blank\" class=\"ek-link\">Listas de iconos<\/a>. Los listados realizados con este widget aparecen en el pie de p\u00e1gina, en la caja de la barra lateral derecha de los art\u00edculos (bajo el r\u00f3tulo \u201cTodas las sesiones del curso\u201d), etc.<\/li><li><a aria-label=\"Formulario (opens in a new tab)\" rel=\"noreferrer noopener\" href=\"https:\/\/docs.elementor.com\/article\/92-forms\" target=\"_blank\" class=\"ek-link\">Formulario<\/a>. El formulario que forma p\u00e1rate esencial de la p\u00e1gina <a href=\"https:\/\/cursoswp.educacion.navarra.es\/cursowp2020\/contacto\/\" class=\"ek-link\">Conracto<\/a> est\u00e1 realizado con este potent\u00edsimo widget.<\/li><li><a aria-label=\"Migas de pan (opens in a new tab)\" rel=\"noreferrer noopener\" href=\"https:\/\/docs.elementor.com\/article\/356-breadcrumbs-widget\" target=\"_blank\" class=\"ek-link\">Migas de pan<\/a>. Este widget ha sido utilizado en las plantillas de entradas, p\u00e1ginas y p\u00e1ginas de archivo, entre otras.<\/li><li><a aria-label=\"Comentarios de entradas (opens in a new tab)\" rel=\"noreferrer noopener\" href=\"https:\/\/docs.elementor.com\/article\/430-post-comments-widget\" target=\"_blank\" class=\"ek-link\">Comentarios de entradas<\/a>. Al final de todas las entradas aparece el widget que permite publicar comentarios.<\/li><li><a aria-label=\"Formulario de b\u00fasqueda (opens in a new tab)\" href=\"https:\/\/docs.elementor.com\/article\/268-search-form\" target=\"_blank\" rel=\"noreferrer noopener\" class=\"ek-link\">Formulario de b\u00fasqueda<\/a>. Adem\u00e1s de utilizar este widget en la plantilla de cabecera, lo hemos a\u00f1adido a la plantilla de p\u00e1gina de error 404.<\/li><li><a rel=\"noreferrer noopener\" href=\"https:\/\/docs.elementor.com\/article\/98-countdown\" target=\"_blank\" class=\"ek-link\">Cuenta atr\u00e1s<\/a>. Hemos utilizado este widget en la p\u00e1gina \u00abEn breve\u00bb, que estuvo activa antes de la apertura p\u00fablica del curso.<\/li><\/ol>\n\n\n\n<h2 class=\"wp-block-heading\">Aspectos significativos del dise\u00f1o de este sitio web<\/h2>\n\n\n\n<p>Como ya hemos indicado en varias ocasiones anteriorres, el dise\u00f1o de este sitio web est\u00e1 basado en <a class=\"ek-link ek-link\" rel=\"noreferrer noopener\" href=\"https:\/\/elementor.com\/blog\/law-firm-template-kit\/\" target=\"_blank\">Law Firm<\/a>. uno de los <em>template kits<\/em> o conjuntos de plantillas de la <a rel=\"noreferrer noopener\" href=\"https:\/\/library.elementor.com\" target=\"_blank\">biblioteca de plantillas de Elementor<\/a>. Seleccionamos este conjunto porque su esquema de colores, tipograf\u00eda y aspecto general nos parec\u00eda muy adecuado para un sitio instruccional como este. No obstante, hemos aplicado unas cuantas modificaciones importantes:<\/p>\n\n\n\n<ul><li>La cabecera y el pie de p\u00e1gina, as\u00ed como el dise\u00f1o de la mayor parte de las plantillas originales, han sido simplificadas. Tanto en la cabecera como en el pie de p\u00e1gina hemos a\u00f1adido un borde superior y otro inferior, en un color verde distintivo.<\/li><li>Hemos modificado los colores de los enlaces y algunos elementos tipogr\u00e1ficos.<\/li><li>Todas las p\u00e1ginas han sido modificadas con el a\u00f1adido de una <a aria-label=\"secci\u00f3n de cabecera con una imagen destacada de fondo y un color homog\u00e9neo de superposici\u00f3n (opens in a new tab)\" rel=\"noreferrer noopener\" href=\"https:\/\/www.youtube.com\/watch?v=E2wTT7SPjiQ\" target=\"_blank\" class=\"ek-link\">secci\u00f3n de cabecera que contiene una imagen destacada de fondo y un color homog\u00e9neo de superposici\u00f3n<\/a>, en un tono azul oscuro.<\/li><li>Hemos separado las diferentes secciones de la p\u00e1gina de inicio mediante un <a aria-label=\"divisor de forma (opens in a new tab)\" rel=\"noreferrer noopener\" href=\"https:\/\/docs.elementor.com\/article\/207-shape-divider\" target=\"_blank\" class=\"ek-link\">divisor de forma<\/a>, que tambi\u00e9n hemos a\u00f1adido a la parte inferior de las im\u00e1genes de cabecera.<\/li><\/ul>\n\n\n\n<h2 class=\"wp-block-heading\">El tema<\/h2>\n\n\n\n<p>Comenzamos la construcci\u00f3n de este sitio con el tema <a aria-label=\"Navigation Pro (opens in a new tab)\" rel=\"noreferrer noopener\" href=\"https:\/\/my.studiopress.com\/themes\/navigation\/\" target=\"_blank\" class=\"ek-link\">Navigation Pro<\/a>, un tema hijo del <a aria-label=\"framework Genesis (opens in a new tab)\" rel=\"noreferrer noopener\" href=\"https:\/\/www.studiopress.com\/features\/\" target=\"_blank\" class=\"ek-link\">framework Genesis<\/a>. Sin embargo, una vez que comprobamos la capacidad de Elementor y Elementor Pro para modificar <a aria-label=\"todos los,aspectos de dise\u00f1o del tema (opens in a new tab)\" rel=\"noreferrer noopener\" href=\"https:\/\/elementor.com\/blog\/introducing-theme-style\/\" target=\"_blank\" class=\"ek-link\">todos los,aspectos de dise\u00f1o del tema<\/a>, decidimos utilizar <a aria-label=\"Hello Elementor (opens in a new tab)\" rel=\"noreferrer noopener\" href=\"https:\/\/elementor.com\/hello-theme\/\" target=\"_blank\" class=\"ek-link\">Hello Elementor<\/a>, un tema muy sencillo que Elementor recomienda por su excelente rendimiento y compatibilidad.<\/p>\n\n\n\n<h2 class=\"wp-block-heading\">Los plugins<\/h2>\n\n\n\n<p>Para cumplir el doble objetivo de elaborar este sitio web y crear y gestionar adecuadamente los sitios de pr\u00e1ctica de los alumnos del curso, hemos hecho uso de los siguientes plugins:<\/p>\n\n\n\n<ol><li><a aria-label=\"Atomic Blocks (opens in a new tab)\" rel=\"noreferrer noopener\" href=\"https:\/\/wordpress.org\/plugins\/atomic-blocks\/\" target=\"_blank\" class=\"ek-link\">Atomic Blocks<\/a>, plugin de colecci\u00f3n de bloques, del que hemos tratado por extenso en la <a href=\"https:\/\/cursoswp.educacion.navarra.es\/cursowp2020\/categoria\/sesion-3\/\" class=\"ek-link\">tercera sesi\u00f3n del curso<\/a>.<\/li><li><a aria-label=\"Batch Create (opens in a new tab)\" rel=\"noreferrer noopener\" href=\"https:\/\/github.com\/wpmudev\/batch-create\" target=\"_blank\" class=\"ek-link\">Batch Create<\/a>, utilizado para dar de alta a todos los alumnos y alumnas del curso en sus respectivos sitios de pr\u00e1cticas.<\/li><li><a aria-label=\"Crop-Thumbnails (opens in a new tab)\" rel=\"noreferrer noopener\" href=\"https:\/\/wordpress.org\/plugins\/crop-thumbnails\/\" target=\"_blank\" class=\"ek-link\">Crop-Thumbnails<\/a>, necesario para ajustar el recorte de las im\u00e1genes creadas por el tema y adaptar estas a las necesidades del sitio.<\/li><li><a aria-label=\"EditorsKit (opens in a new tab)\" rel=\"noreferrer noopener\" href=\"https:\/\/wordpress.org\/plugins\/block-options\/\" target=\"_blank\" class=\"ek-link\">EditorsKit<\/a>, para mejorar las capacidades nativas del editor de WordPress. La <a href=\"https:\/\/cursoswp.educacion.navarra.es\/cursowp2020\/categoria\/sesion-2\/\" class=\"ek-link\">segunda sesi\u00f3n de este curso<\/a> aborda en detalle el uso de este plugin.<\/li><li><a aria-label=\"Elementor Page Builder (opens in a new tab)\" rel=\"noreferrer noopener\" href=\"https:\/\/wordpress.org\/plugins\/elementor\/\" target=\"_blank\" class=\"ek-link\">Elementor Page Builder<\/a> y <a aria-label=\"Elementor Pro (opens in a new tab)\" rel=\"noreferrer noopener\" href=\"https:\/\/elementor.com\" target=\"_blank\" class=\"ek-link\">Elementor Pro<\/a>, a los que hemos dedicado las sesiones <a href=\"https:\/\/cursoswp.educacion.navarra.es\/cursowp2020\/categoria\/sesion-4\/\" class=\"ek-link\">cuatro<\/a> y <a href=\"https:\/\/cursoswp.educacion.navarra.es\/cursowp2020\/categoria\/sesion-5\/\" class=\"ek-link\">cinco<\/a> de este curso.<\/li><li><a aria-label=\"Elementor Blocks for Gutenberg (opens in a new tab)\" rel=\"noreferrer noopener\" href=\"https:\/\/wordpress.org\/plugins\/block-builder\/\" target=\"_blank\" class=\"ek-link\">Elementor Blocks for Gutenberg<\/a>, utilizado para insertar plantillas de Elementor en algunos art\u00edculos, sin necesidad de abandonar el editor por defecto de WordPress. El bot\u00f3n que abre una ventana emergente, en la entrada <a href=\"https:\/\/cursoswp.educacion.navarra.es\/cursowp2020\/pagina-en-blanco-cuadricula-y-caja\/\" class=\"ek-link\">P\u00e1gina en blanco, cuadr\u00edcula y cajas<\/a>, es un ejemplo de uso de este plugin.<\/li><li><a aria-label=\"Google Site Kit (opens in a new tab)\" rel=\"noreferrer noopener\" href=\"https:\/\/wordpress.org\/plugins\/google-site-kit\/\" target=\"_blank\" class=\"ek-link\">Google Site Kit<\/a>, plugin mediante el cual he conectado este sitio con servicios externos como <a aria-label=\"Google Search Consol\u00e9 (opens in a new tab)\" rel=\"noreferrer noopener\" href=\"https:\/\/search.google.com\/search-console\/about\" target=\"_blank\" class=\"ek-link\">Google Search Console<\/a> y <a aria-label=\"Google Analytics (opens in a new tab)\" rel=\"noreferrer noopener\" href=\"https:\/\/www.google.com\/analytics\/\" target=\"_blank\" class=\"ek-link\">Google Analytics<\/a>.<\/li><li><a aria-label=\"Instant Images (opens in a new tab)\" rel=\"noreferrer noopener\" href=\"https:\/\/wordpress.org\/plugins\/instant-images\/\" target=\"_blank\" class=\"ek-link\">Instant Images<\/a>, que permite acceder directamente desde el backend de WordPress al cat\u00e1logo de im\u00e1genes de <a aria-label=\"Unsplash (opens in a new tab)\" rel=\"noreferrer noopener\" href=\"https:\/\/unsplash.com\" target=\"_blank\" class=\"ek-link\">Unsplash<\/a> y cargarlas en la biblioteca multimedia.<\/li><li><a aria-label=\"OoohBoi Steroids for Elementor (opens in a new tab)\" rel=\"noreferrer noopener\" href=\"https:\/\/wordpress.org\/plugins\/ooohboi-steroids-for-elementor\/\" target=\"_blank\" class=\"ek-link\">OoohBoi Steroids for Elementor<\/a>. Este plugin permite mejorar algunas de las capacidades de dise\u00f1o de Elementor. Lo hemos utilizado para modificar la apariencia del <a aria-label=\"mecanismo de paginaci\u00f3n (opens in a new tab)\" href=\"https:\/\/docs.elementor.com\/article\/464-archive-posts-widge\" target=\"_blank\" rel=\"noreferrer noopener\" class=\"ek-link\">mecanismo de paginaci\u00f3n<\/a> en algunas plantillas de p\u00e1gina de archivo de este sitio.<\/li><li><a aria-label=\"Posts Generator (opens in a new tab)\" rel=\"noreferrer noopener\" href=\"https:\/\/wordpress.org\/plugins\/posts-generator\/\" target=\"_blank\" class=\"ek-link\">Posts Generator<\/a> y <a aria-label=\"WP Lorem Ipsum (opens in a new tab)\" rel=\"noreferrer noopener\" href=\"https:\/\/wordpress.org\/plugins\/wp-lorem-ipsum\/\" target=\"_blank\" class=\"ek-link\">WP Lorem Ipsum<\/a>. He utilizado ambos plugins para generar entradas de contenido de prueba en los sitios de pr\u00e1cticas. Lamentablemente, <a aria-label=\"el primer plugin ha sido retirado del repositorio de plugins de WordPress (opens in a new tab)\" rel=\"noreferrer noopener\" href=\"https:\/\/wordpress.org\/support\/topic\/plugin-permanently-closed\/\" target=\"_blank\" class=\"ek-link\">el primer plugin ha sido retirado del repositorio de plugins de WordPress<\/a>.<\/li><li><a aria-label=\"Post Types Order (opens in a new tab)\" rel=\"noreferrer noopener\" href=\"https:\/\/wordpress.org\/plugins\/post-types-order\/\" target=\"_blank\" class=\"ek-link\">Post Types Order<\/a>, mediante el cual se puede personalizar el orden de publicaci\u00f3n de los art\u00edculos, con independencia de la fecha real de publicaci\u00f3n de estos.<\/li><li><a aria-label=\"WP Add Mime Types (opens in a new tab)\" rel=\"noreferrer noopener\" href=\"https:\/\/wordpress.org\/plugins\/wp-add-mime-types\/\" target=\"_blank\" class=\"ek-link\">WP Add Mime Types<\/a>. Este plugin ha sido utilizado en uno de los sitios de pr\u00e1cticas para permitir que se pudieran subir ficheros <a aria-label=\"JSON (opens in a new tab)\" rel=\"noreferrer noopener\" href=\"https:\/\/es.wikipedia.org\/wiki\/JSON\" target=\"_blank\" class=\"ek-link\">JSON<\/a> a la biblioteca multimedia de WordPress, ya que esta aplicaci\u00f3n no permite subir ficheros que tengan dicha extensi\u00f3n.<\/li><li><a aria-label=\"Yoast SEO (opens in a new tab)\" rel=\"noreferrer noopener\" href=\"https:\/\/wordpress.org\/plugins\/wordpress-seo\/\" target=\"_blank\" class=\"ek-link\">Yoast SEO<\/a>, para gestionar y mejorar el SEO del sitio.<\/li><\/ol>\n\n\n\n<h2 class=\"wp-block-heading\">Las im\u00e1genes<\/h2>\n\n\n\n<p>La mayor parte de las im\u00e1genes que ilustran este sitio han sido tomadas de <a rel=\"noreferrer noopener\" href=\"https:\/\/unsplash.com\" target=\"_blank\" class=\"ek-link\">Unsplash<\/a>. Como,ya hemos indicado, su inserci\u00f3n se ha realizado directamente desde el backend de WordPress, gracias al plugin <a rel=\"noreferrer noopener\" href=\"https:\/\/wordpress.org\/plugins\/instant-images\/\" target=\"_blank\" class=\"ek-link\">Instant Images<\/a>. Aunque la cita y el reconocimiento de autor\u00eda de las im\u00e1genes de Unsplash no son necesarios de acuerdo con la <a aria-label=\"pol\u00edtica de este servicio (opens in a new tab)\" rel=\"noreferrer noopener\" href=\"https:\/\/unsplash.com\/license\" target=\"_blank\" class=\"ek-link\">pol\u00edtica de este servicio<\/a>, he querido expresar mi agradecimiento mediante un widget incluido en el pie de p\u00e1gina.<\/p>\n\n\n\n<h2 class=\"wp-block-heading\">Software adicional<\/h2>\n\n\n\n<p>Adem\u00e1s de WordPress, la elaboraci\u00f3n y preparaci\u00f3n de este sitio web ha requerido el uso del software que indic\u00f3 a continuaci\u00f3n:<\/p>\n\n\n\n<ol><li><a aria-label=\"Adobe Photoshop (opens in a new tab)\" rel=\"noreferrer noopener\" class=\"ek-link\" href=\"https:\/\/www.adobe.com\/es\/products\/photoshop.html\" target=\"_blank\">Adobe Photoshop<\/a>, aplicaci\u00f3n con la cual he retocado (muy ligeramente) unas cuantas im\u00e1genes. No obstante, la mayor\u00eda de ellas solo han sido modificadas para redimensionarlas.<\/li><li><a aria-label=\"Canva (opens in a new tab)\" rel=\"noreferrer noopener\" class=\"ek-link\" href=\"https:\/\/www.canva.com\/es_es\/\" target=\"_blank\">Canva<\/a> para iPad, programa que he utilizado para crear el logotipo del curso.<\/li><li>Extensi\u00f3n <a aria-label=\"Nimbus para Google Chrome (opens in a new tab)\" rel=\"noreferrer noopener\" class=\"ek-link ek-link\" href=\"https:\/\/chrome.google.com\/webstore\/detail\/nimbus-screenshot-screen\/bpconcjcammlapcogcnnelfmaeghhagj\" target=\"_blank\">Nimbus para Google Chrome<\/a>, utilizada para grabar los <em>screencasts<\/em> que ilustran algunos art\u00edculos de este sitio.<\/li><li><a aria-label=\"Handbrake (opens in a new tab)\" rel=\"noreferrer noopener\" class=\"ek-link\" href=\"https:\/\/handbrake.fr\" target=\"_blank\">Handbrake<\/a>. Con este programa se han convertido los <em>screencasts<\/em> originales grabados con Nimbus, que estaban en formato <a aria-label=\"WEBM (opens in a new tab)\" rel=\"noreferrer noopener\" class=\"ek-link\" href=\"https:\/\/es.wikipedia.org\/wiki\/WebM\" target=\"_blank\">WEBM<\/a>, a <a aria-label=\"MP4 (opens in a new tab)\" rel=\"noreferrer noopener\" class=\"ek-link\" href=\"https:\/\/es.wikipedia.org\/wiki\/MPEG-4_Parte_14\" target=\"_blank\">MP4<\/a>. No era mi intenci\u00f3n realizar esta conversi\u00f3n, hasta que descubr\u00ed que los screencasts originales no se ve\u00edan en mi <a aria-label=\"iPad Pro (opens in a new tab)\" rel=\"noreferrer noopener\" class=\"ek-link ek-link\" href=\"https:\/\/www.apple.com\/es\/ipad-pro\/\" target=\"_blank\">iPad Pro<\/a>.<\/li><li><a aria-label=\"Presentaciones de Google (opens in a new tab)\" rel=\"noreferrer noopener\" class=\"ek-link\" href=\"https:\/\/www.google.es\/intl\/es\/slides\/about\/\" target=\"_blank\">Presentaciones de Google<\/a>, con las que he creado las im\u00e1genes de portada de los <em>screencasts<\/em>.<\/li><\/ol>\n\n\n\n<h2 class=\"wp-block-heading\">Hardware<\/h2>\n\n\n\n<h3 class=\"wp-block-heading\">Ordenadores<\/h3>\n\n\n\n<p>He llevado a cabo las tareas de maquetaci\u00f3n y dise\u00f1o de las plantillas de este sitio web en mi ordenador de escritorio, una estaci\u00f3n de trabajo <a aria-label=\"Fujitsu. Celsisus W510 (opens in a new tab)\" href=\"https:\/\/sp.ts.fujitsu.com\/dmsp\/Publications\/public\/ds-CELSIUS-W510.pdf\" target=\"_blank\" rel=\"noreferrer noopener\" class=\"ek-link\">Fujitsu Celsisus W510<\/a>, con <a aria-label=\"Windows 10 Pro (opens in a new tab)\" href=\"https:\/\/www.microsoft.com\/es-es\/p\/windows-10-pro\/df77x4d43rkt\/48dn?icid=Cat-Windows-mosaic_linknav-2-WindowsPro-es_es&amp;activetab=pivot%3aoverviewtab\" target=\"_blank\" rel=\"noreferrer noopener\" class=\"ek-link\">Windows 10 Pro<\/a>. Por su parte, casi todo el texto de este curso ha sido escrito con un navegador <a href=\"https:\/\/www.apple.com\/es\/safari\/\" target=\"_blank\" aria-label=\"Safari (opens in a new tab)\" rel=\"noreferrer noopener\" class=\"ek-link\">Safari<\/a>, en mi <a rel=\"noreferrer noopener\" href=\"https:\/\/www.apple.com\/es\/ipad-pro\/\" target=\"_blank\">iPad Pro<\/a>. Si no he utilizado en exclusiva este segundo dispositivo, que de un tiempo a esta parte se ha convertido en mi herramienta de trabajo fundamental, es porque ciertas operaciones de dise\u00f1o, as\u00ed como el uso del bot\u00f3n derecho del rat\u00f3n, no son posibles en Elementor cuando este plugin se utiliza en un iPad.<\/p>\n\n\n\n<p>Adem\u00e1s de la estaci\u00f3n de trabajo y el iPad Pro, he utilizado otros tres dispositivos para verificar el funcionamiento de este sitio web en ordenadores, tabletas y tel\u00e9fonos m\u00f3viles:<\/p>\n\n\n\n<ul><li>Un ordenador <a aria-label=\"Apple iMac (opens in a new tab)\" href=\"https:\/\/www.apple.com\/es\/imac\/\" target=\"_blank\" rel=\"noreferrer noopener\" class=\"ek-link\">Apple iMac<\/a>, con <a href=\"https:\/\/www.apple.com\/es\/macos\/catalina\/\" target=\"_blank\" aria-label=\"macOS Catalina (opens in a new tab)\" rel=\"noreferrer noopener\" class=\"ek-link\">macOS Catalina<\/a>.<\/li><li>Una tableta <a aria-label=\"Microsoft Surface Pro (opens in a new tab)\" rel=\"noreferrer noopener\" href=\"https:\/\/support.microsoft.com\/es-es\/help\/4037232\/surface-pro-5th-gen-features\" target=\"_blank\" class=\"ek-link\">Microsoft Surface Pro<\/a>, con <a aria-label=\"Windows 10 Pro (opens in a new tab)\" rel=\"noreferrer noopener\" href=\"https:\/\/www.microsoft.com\/es-es\/p\/windows-10-pro\/df77x4d43rkt\/48dn?icid=Cat-Windows-mosaic_linknav-2-WindowsPro-es_es&amp;activetab=pivot%3aoverviewtab\" target=\"_blank\" class=\"ek-link\">Windows 10 Pro<\/a>.<\/li><li>Un smartphone <a aria-label=\"Samsung Galaxy S8+ (opens in a new tab)\" rel=\"noreferrer noopener\" href=\"https:\/\/www.samsung.com\/es\/smartphones\/galaxy-s8\/\" target=\"_blank\" class=\"ek-link\">Samsung Galaxy S8+<\/a>, con <a aria-label=\"Android 9 (opens in a new tab)\" rel=\"noreferrer noopener\" href=\"https:\/\/www.android.com\/versions\/pie-9-0\/\" target=\"_blank\" class=\"ek-link\">Android 9<\/a>.<\/li><\/ul>\n\n\n\n<h3 class=\"wp-block-heading\">Otros dispositivos<\/h3>\n\n\n\n<p>Las grabaciones de los <em>screencasts<\/em> han sido posibles gracias a un <a href=\"https:\/\/www.bluedesigns.es\/products\/yeti\/\" target=\"_blank\" aria-label=\"micr\u00f3fono USB Yeti (opens in a new tab)\" rel=\"noreferrer noopener\" class=\"ek-link\">micr\u00f3fono USB Yeti<\/a>, propiedad del Departamento de Educaci\u00f3n del Gobierno de Navarra, que me recomend\u00f3 y prest\u00f3 amablemente mi compa\u00f1ero Josi Ayensa.<\/p>\n\n\n\n<h2 class=\"wp-block-heading\">Agradecimientos<\/h2>\n\n\n\n<p>No quiero terminar la descripci\u00f3n de este sitio web sin expresar mi m\u00e1s sincero agradecimiento a las siguientes personas:<\/p>\n\n\n\n<ul><li>A Patxiku Gamboa, asesor de Nuevas Tecologias del CAP de Pamplona, eficaz y atent\u00edsimo organizador del curso.<\/li><li>A Josi Ayensa, por la recomendaci\u00f3n del micr\u00f3fono <a aria-label=\"Yeti (opens in a new tab)\" rel=\"noreferrer noopener\" href=\"https:\/\/www.bluedesigns.es\/products\/yeti\/\" target=\"_blank\" class=\"ek-link\">Yeti<\/a>, de la extensi\u00f3n <a aria-label=\"Nimbus (opens in a new tab)\" rel=\"noreferrer noopener\" href=\"https:\/\/chrome.google.com\/webstore\/detail\/nimbus-screenshot-screen\/bpconcjcammlapcogcnnelfmaeghhagj\" target=\"_blank\" class=\"ek-link\">Nimbus<\/a>, y por algunas ideas.<\/li><li>A mis compa\u00f1eros y compa\u00f1eras del Departamento de Educaci\u00f3n (Guillermo Abad\u00eda, Alberto Hern\u00e1ndez, Luis Miguel Jaso, Elena Os\u00e9s) a quienes he utilizado como <em>beta-testers<\/em> de algunas de las p\u00e1ginas del curso.<\/li><li>A los alumnos y alumnas de este curso, docentes y administrativos en centros p\u00fablicos de ense\u00f1anza, por su dedicaci\u00f3n y esfuerzo.<\/li><li>A mi compa\u00f1era de toda la vida, Pilar Gav\u00edn Trinidad, por su paciencia, cari\u00f1o, apoyo y buenas ideas.<\/li><\/ul>\n","protected":false},"excerpt":{"rendered":"<p>Adem\u00e1s de contribuir a la formaci\u00f3n de los profesores y profesoras que elaboran sitios web para sus centros, el&nbsp;Curso de WordPress 2020 pretende demostrar por s\u00ed mismo las posibilidades de esta aplicaci\u00f3n y sus componentes a la hora de confeccionar sitios online elegantes y al mismo tiempo \u00fatiles para los colegios e institutos. Por ello [&hellip;]<\/p>\n","protected":false},"author":1,"featured_media":2816,"parent":0,"menu_order":4,"comment_status":"closed","ping_status":"closed","template":"","meta":{"_editorskit_title_hidden":false,"_editorskit_reading_time":13,"_editorskit_is_block_options_detached":false,"_editorskit_block_options_position":"{}","footnotes":""},"yoast_head":"<!-- This site is optimized with the Yoast SEO plugin v23.5 - https:\/\/yoast.com\/wordpress\/plugins\/seo\/ -->\n<title>Sobre el Curso de WordPress 2020 - Curso de WordPress 2020<\/title>\n<meta name=\"description\" content=\"Informaci\u00f3n sobre el Curso de WordPress 2020: elaboraci\u00f3n, componentes, elementos utilizados, uso de plugins, temas, hardware y software.\" \/>\n<meta name=\"robots\" content=\"index, follow, max-snippet:-1, max-image-preview:large, max-video-preview:-1\" \/>\n<link rel=\"canonical\" href=\"https:\/\/cursoswp.educacion.navarra.es\/cursowp2020\/sobre-este-curso\/\" \/>\n<meta property=\"og:locale\" content=\"es_ES\" \/>\n<meta property=\"og:type\" content=\"article\" \/>\n<meta property=\"og:title\" content=\"Sobre el Curso de WordPress 2020 - Curso de WordPress 2020\" \/>\n<meta property=\"og:description\" content=\"Informaci\u00f3n sobre el Curso de WordPress 2020: elaboraci\u00f3n, componentes, elementos utilizados, uso de plugins, temas, hardware y software.\" \/>\n<meta property=\"og:url\" content=\"https:\/\/cursoswp.educacion.navarra.es\/cursowp2020\/sobre-este-curso\/\" \/>\n<meta property=\"og:site_name\" content=\"Curso de WordPress 2020\" \/>\n<meta property=\"article:modified_time\" content=\"2020-04-04T16:48:54+00:00\" \/>\n<meta property=\"og:image\" content=\"https:\/\/cursoswp.educacion.navarra.es\/cursowp2020\/wp-content\/uploads\/2020\/04\/curso-wordpress-2020.jpg\" \/>\n\t<meta property=\"og:image:width\" content=\"1600\" \/>\n\t<meta property=\"og:image:height\" content=\"1067\" \/>\n\t<meta property=\"og:image:type\" content=\"image\/jpeg\" \/>\n<meta name=\"twitter:card\" content=\"summary_large_image\" \/>\n<meta name=\"twitter:label1\" content=\"Tiempo de lectura\" \/>\n\t<meta name=\"twitter:data1\" content=\"19 minutos\" \/>\n<script type=\"application\/ld+json\" class=\"yoast-schema-graph\">{\"@context\":\"https:\/\/schema.org\",\"@graph\":[{\"@type\":\"WebPage\",\"@id\":\"https:\/\/cursoswp.educacion.navarra.es\/cursowp2020\/sobre-este-curso\/\",\"url\":\"https:\/\/cursoswp.educacion.navarra.es\/cursowp2020\/sobre-este-curso\/\",\"name\":\"Sobre el Curso de WordPress 2020 - Curso de WordPress 2020\",\"isPartOf\":{\"@id\":\"https:\/\/cursoswp.educacion.navarra.es\/cursowp2020\/#website\"},\"primaryImageOfPage\":{\"@id\":\"https:\/\/cursoswp.educacion.navarra.es\/cursowp2020\/sobre-este-curso\/#primaryimage\"},\"image\":{\"@id\":\"https:\/\/cursoswp.educacion.navarra.es\/cursowp2020\/sobre-este-curso\/#primaryimage\"},\"thumbnailUrl\":\"https:\/\/cursoswp.educacion.navarra.es\/cursowp2020\/wp-content\/uploads\/2020\/04\/curso-wordpress-2020.jpg\",\"datePublished\":\"2020-01-27T14:06:50+00:00\",\"dateModified\":\"2020-04-04T16:48:54+00:00\",\"description\":\"Informaci\u00f3n sobre el Curso de WordPress 2020: elaboraci\u00f3n, componentes, elementos utilizados, uso de plugins, temas, hardware y software.\",\"breadcrumb\":{\"@id\":\"https:\/\/cursoswp.educacion.navarra.es\/cursowp2020\/sobre-este-curso\/#breadcrumb\"},\"inLanguage\":\"es\",\"potentialAction\":[{\"@type\":\"ReadAction\",\"target\":[\"https:\/\/cursoswp.educacion.navarra.es\/cursowp2020\/sobre-este-curso\/\"]}]},{\"@type\":\"ImageObject\",\"inLanguage\":\"es\",\"@id\":\"https:\/\/cursoswp.educacion.navarra.es\/cursowp2020\/sobre-este-curso\/#primaryimage\",\"url\":\"https:\/\/cursoswp.educacion.navarra.es\/cursowp2020\/wp-content\/uploads\/2020\/04\/curso-wordpress-2020.jpg\",\"contentUrl\":\"https:\/\/cursoswp.educacion.navarra.es\/cursowp2020\/wp-content\/uploads\/2020\/04\/curso-wordpress-2020.jpg\",\"width\":1600,\"height\":1067,\"caption\":\"Sobre el Curso de WordPress 2020\"},{\"@type\":\"BreadcrumbList\",\"@id\":\"https:\/\/cursoswp.educacion.navarra.es\/cursowp2020\/sobre-este-curso\/#breadcrumb\",\"itemListElement\":[{\"@type\":\"ListItem\",\"position\":1,\"name\":\"Inicio\",\"item\":\"https:\/\/cursoswp.educacion.navarra.es\/cursowp2020\/\"},{\"@type\":\"ListItem\",\"position\":2,\"name\":\"Sobre el Curso de WordPress 2020\"}]},{\"@type\":\"WebSite\",\"@id\":\"https:\/\/cursoswp.educacion.navarra.es\/cursowp2020\/#website\",\"url\":\"https:\/\/cursoswp.educacion.navarra.es\/cursowp2020\/\",\"name\":\"Curso de WordPress 2020\",\"description\":\"Curso de dise\u00f1o web avanzado para docentes\",\"publisher\":{\"@id\":\"https:\/\/cursoswp.educacion.navarra.es\/cursowp2020\/#organization\"},\"potentialAction\":[{\"@type\":\"SearchAction\",\"target\":{\"@type\":\"EntryPoint\",\"urlTemplate\":\"https:\/\/cursoswp.educacion.navarra.es\/cursowp2020\/?s={search_term_string}\"},\"query-input\":{\"@type\":\"PropertyValueSpecification\",\"valueRequired\":true,\"valueName\":\"search_term_string\"}}],\"inLanguage\":\"es\"},{\"@type\":\"Organization\",\"@id\":\"https:\/\/cursoswp.educacion.navarra.es\/cursowp2020\/#organization\",\"name\":\"Departamento de Educaci\u00f3n, Gobierno de Navarra\",\"url\":\"https:\/\/cursoswp.educacion.navarra.es\/cursowp2020\/\",\"logo\":{\"@type\":\"ImageObject\",\"inLanguage\":\"es\",\"@id\":\"https:\/\/cursoswp.educacion.navarra.es\/cursowp2020\/#\/schema\/logo\/image\/\",\"url\":\"\",\"contentUrl\":\"\",\"caption\":\"Departamento de Educaci\u00f3n, Gobierno de Navarra\"},\"image\":{\"@id\":\"https:\/\/cursoswp.educacion.navarra.es\/cursowp2020\/#\/schema\/logo\/image\/\"}}]}<\/script>\n<!-- \/ Yoast SEO plugin. -->","yoast_head_json":{"title":"Sobre el Curso de WordPress 2020 - Curso de WordPress 2020","description":"Informaci\u00f3n sobre el Curso de WordPress 2020: elaboraci\u00f3n, componentes, elementos utilizados, uso de plugins, temas, hardware y software.","robots":{"index":"index","follow":"follow","max-snippet":"max-snippet:-1","max-image-preview":"max-image-preview:large","max-video-preview":"max-video-preview:-1"},"canonical":"https:\/\/cursoswp.educacion.navarra.es\/cursowp2020\/sobre-este-curso\/","og_locale":"es_ES","og_type":"article","og_title":"Sobre el Curso de WordPress 2020 - Curso de WordPress 2020","og_description":"Informaci\u00f3n sobre el Curso de WordPress 2020: elaboraci\u00f3n, componentes, elementos utilizados, uso de plugins, temas, hardware y software.","og_url":"https:\/\/cursoswp.educacion.navarra.es\/cursowp2020\/sobre-este-curso\/","og_site_name":"Curso de WordPress 2020","article_modified_time":"2020-04-04T16:48:54+00:00","og_image":[{"width":1600,"height":1067,"url":"https:\/\/cursoswp.educacion.navarra.es\/cursowp2020\/wp-content\/uploads\/2020\/04\/curso-wordpress-2020.jpg","type":"image\/jpeg"}],"twitter_card":"summary_large_image","twitter_misc":{"Tiempo de lectura":"19 minutos"},"schema":{"@context":"https:\/\/schema.org","@graph":[{"@type":"WebPage","@id":"https:\/\/cursoswp.educacion.navarra.es\/cursowp2020\/sobre-este-curso\/","url":"https:\/\/cursoswp.educacion.navarra.es\/cursowp2020\/sobre-este-curso\/","name":"Sobre el Curso de WordPress 2020 - Curso de WordPress 2020","isPartOf":{"@id":"https:\/\/cursoswp.educacion.navarra.es\/cursowp2020\/#website"},"primaryImageOfPage":{"@id":"https:\/\/cursoswp.educacion.navarra.es\/cursowp2020\/sobre-este-curso\/#primaryimage"},"image":{"@id":"https:\/\/cursoswp.educacion.navarra.es\/cursowp2020\/sobre-este-curso\/#primaryimage"},"thumbnailUrl":"https:\/\/cursoswp.educacion.navarra.es\/cursowp2020\/wp-content\/uploads\/2020\/04\/curso-wordpress-2020.jpg","datePublished":"2020-01-27T14:06:50+00:00","dateModified":"2020-04-04T16:48:54+00:00","description":"Informaci\u00f3n sobre el Curso de WordPress 2020: elaboraci\u00f3n, componentes, elementos utilizados, uso de plugins, temas, hardware y software.","breadcrumb":{"@id":"https:\/\/cursoswp.educacion.navarra.es\/cursowp2020\/sobre-este-curso\/#breadcrumb"},"inLanguage":"es","potentialAction":[{"@type":"ReadAction","target":["https:\/\/cursoswp.educacion.navarra.es\/cursowp2020\/sobre-este-curso\/"]}]},{"@type":"ImageObject","inLanguage":"es","@id":"https:\/\/cursoswp.educacion.navarra.es\/cursowp2020\/sobre-este-curso\/#primaryimage","url":"https:\/\/cursoswp.educacion.navarra.es\/cursowp2020\/wp-content\/uploads\/2020\/04\/curso-wordpress-2020.jpg","contentUrl":"https:\/\/cursoswp.educacion.navarra.es\/cursowp2020\/wp-content\/uploads\/2020\/04\/curso-wordpress-2020.jpg","width":1600,"height":1067,"caption":"Sobre el Curso de WordPress 2020"},{"@type":"BreadcrumbList","@id":"https:\/\/cursoswp.educacion.navarra.es\/cursowp2020\/sobre-este-curso\/#breadcrumb","itemListElement":[{"@type":"ListItem","position":1,"name":"Inicio","item":"https:\/\/cursoswp.educacion.navarra.es\/cursowp2020\/"},{"@type":"ListItem","position":2,"name":"Sobre el Curso de WordPress 2020"}]},{"@type":"WebSite","@id":"https:\/\/cursoswp.educacion.navarra.es\/cursowp2020\/#website","url":"https:\/\/cursoswp.educacion.navarra.es\/cursowp2020\/","name":"Curso de WordPress 2020","description":"Curso de dise\u00f1o web avanzado para docentes","publisher":{"@id":"https:\/\/cursoswp.educacion.navarra.es\/cursowp2020\/#organization"},"potentialAction":[{"@type":"SearchAction","target":{"@type":"EntryPoint","urlTemplate":"https:\/\/cursoswp.educacion.navarra.es\/cursowp2020\/?s={search_term_string}"},"query-input":{"@type":"PropertyValueSpecification","valueRequired":true,"valueName":"search_term_string"}}],"inLanguage":"es"},{"@type":"Organization","@id":"https:\/\/cursoswp.educacion.navarra.es\/cursowp2020\/#organization","name":"Departamento de Educaci\u00f3n, Gobierno de Navarra","url":"https:\/\/cursoswp.educacion.navarra.es\/cursowp2020\/","logo":{"@type":"ImageObject","inLanguage":"es","@id":"https:\/\/cursoswp.educacion.navarra.es\/cursowp2020\/#\/schema\/logo\/image\/","url":"","contentUrl":"","caption":"Departamento de Educaci\u00f3n, Gobierno de Navarra"},"image":{"@id":"https:\/\/cursoswp.educacion.navarra.es\/cursowp2020\/#\/schema\/logo\/image\/"}}]}},"_links":{"self":[{"href":"https:\/\/cursoswp.educacion.navarra.es\/cursowp2020\/wp-json\/wp\/v2\/pages\/304"}],"collection":[{"href":"https:\/\/cursoswp.educacion.navarra.es\/cursowp2020\/wp-json\/wp\/v2\/pages"}],"about":[{"href":"https:\/\/cursoswp.educacion.navarra.es\/cursowp2020\/wp-json\/wp\/v2\/types\/page"}],"author":[{"embeddable":true,"href":"https:\/\/cursoswp.educacion.navarra.es\/cursowp2020\/wp-json\/wp\/v2\/users\/1"}],"replies":[{"embeddable":true,"href":"https:\/\/cursoswp.educacion.navarra.es\/cursowp2020\/wp-json\/wp\/v2\/comments?post=304"}],"version-history":[{"count":48,"href":"https:\/\/cursoswp.educacion.navarra.es\/cursowp2020\/wp-json\/wp\/v2\/pages\/304\/revisions"}],"predecessor-version":[{"id":2825,"href":"https:\/\/cursoswp.educacion.navarra.es\/cursowp2020\/wp-json\/wp\/v2\/pages\/304\/revisions\/2825"}],"wp:featuredmedia":[{"embeddable":true,"href":"https:\/\/cursoswp.educacion.navarra.es\/cursowp2020\/wp-json\/wp\/v2\/media\/2816"}],"wp:attachment":[{"href":"https:\/\/cursoswp.educacion.navarra.es\/cursowp2020\/wp-json\/wp\/v2\/media?parent=304"}],"curies":[{"name":"wp","href":"https:\/\/api.w.org\/{rel}","templated":true}]}}